{"id":2523,"date":"2024-06-11T12:38:22","date_gmt":"2024-06-11T15:38:22","guid":{"rendered":"https:\/\/campusff.ms.gba.gov.ar\/comunidaddea-ff\/?page_id=2523"},"modified":"2024-06-11T12:38:23","modified_gmt":"2024-06-11T15:38:23","slug":"semana-de-la-salud-internacional","status":"publish","type":"page","link":"https:\/\/campusff.ms.gba.gov.ar\/comunidaddea-ff\/semana-de-la-salud-internacional\/","title":{"rendered":"Semana de la Salud Internacional"},"content":{"rendered":"<div id=\"wppb-builder-container\" class=\"wppb-builder-container\">                <div  class=\"wppb-row-parent  wppb-row-1718118276439 \"  >\n\t\t\t\t\t\n\t\t\t\t\t\t\t\t\t\t\n\t\t\t\t\t\t\t\t\t\t\n\t\t\t\t\t<div class=\"wppb-container \">\n\t\t\t\t\t\t\t\t\t\t\t\t\t\n                        <div class=\"wppb-row\">\n\t\t\t\t\t\t\t                                    <div  class=\"wppb-column-parent wppb-column-parent-view wppb-col-1718118276437  \"  >\n                                        <div class=\"wppb-column\">\n\t\t\t\t\t\n\t\t\t\t\t\t\t\t\t\t\t\n                                            <div class=\"wppb-builder-addons\">\n\t\t\t\t\t\t\t\t\t\t\t\t<div class='wppb-builder-addon wppb-addon-1718120330352'  data-addon-id='1718120330352'><div class='wppb-addon'><div class=\"wppb-text-block-addon\"><div class=\"wppb-text-block-content 0\"><p>En 2021 llevamos adelante la Semana de la Salud Internacional, un espacio de an\u00e1lisis, intervenci\u00f3n e investigaci\u00f3n para proveer de sentido a las pr\u00e1cticas de gobierno y analizar el lugar de la Provincia de Buenos Aires en el mundo y desde d\u00f3nde la provincia invita al mundo a pensar en clave de Salud Internacional. Participaron invitados\/as referentes de la tem\u00e1tica y pod\u00e9s escuchar y revivir todas las charlas en nuestro canal de YouTube. Fijate qu\u00e9 tema te interesa m\u00e1s y disfrut\u00e1 de expertos y expertas en el tema.<\/p><\/div><\/div><\/div><\/div>                                            <\/div>\n                                        <\/div>\n                                    <\/div>\n\t\t\t\t\t\t\t\t\t                        <\/div>\n\n                    <\/div>\n                <\/div>\n\t\t\t\t                <div  class=\"wppb-row-parent  wppb-row-1718120308114 \"  >\n\t\t\t\t\t\n\t\t\t\t\t\t\t\t\t\t\n\t\t\t\t\t\t\t\t\t\t\n\t\t\t\t\t<div class=\"wppb-container \">\n\t\t\t\t\t\t\t\t\t\t\t\t\t\n                        <div class=\"wppb-row\">\n\t\t\t\t\t\t\t                                    <div  class=\"wppb-column-parent wppb-column-parent-view wppb-col-1718120308115  \"  >\n                                        <div class=\"wppb-column\">\n\t\t\t\t\t\n\t\t\t\t\t\t\t\t\t\t\t\n                                            <div class=\"wppb-builder-addons\">\n\t\t\t\t\t\t\t\t\t\t\t\t<div class='wppb-builder-addon wppb-addon-1718120308116'  data-addon-id='1718120308116'><div class='wppb-addon'><div class=\"wppb-video-popup-addon\"><div class=\"wppb-video-popup-content\"><div class=\"wppb-video-popup-wrap \"><div class=\"wppb-video-popup-before-text\"><a href=\"https:\/\/www.youtube.com\/watch?v=4oZAJbFmat8\" class=\"wppb-video-popup\">Homenaje a Juan C\u00e9sar Garc\u00eda<\/a><\/div><div class=\"wppb-video-popup-content\"><a href=\"https:\/\/www.youtube.com\/watch?v=4oZAJbFmat8\" class=\"wppb-video-popup wppb-video-popup-icon\"><i class=\"wppb-font-play-button-alt\"><\/i><\/a><\/div><\/div><\/div><\/div><\/div><\/div>                                            <\/div>\n                                        <\/div>\n                                    <\/div>\n\t\t\t\t\t\t\t\t\t                                    <div  class=\"wppb-column-parent wppb-column-parent-view wppb-col-1718120308117  \"  >\n                                        <div class=\"wppb-column\">\n\t\t\t\t\t\n\t\t\t\t\t\t\t\t\t\t\t\n                                            <div class=\"wppb-builder-addons\">\n\t\t\t\t\t\t\t\t\t\t\t\t<div class='wppb-builder-addon wppb-addon-1718120308118'  data-addon-id='1718120308118'><div class='wppb-addon'><div class=\"wppb-video-popup-addon\"><div class=\"wppb-video-popup-content\"><div class=\"wppb-video-popup-wrap \"><div class=\"wppb-video-popup-before-text\"><a href=\"https:\/\/www.youtube.com\/watch?v=sVwtn6QlSYI\" class=\"wppb-video-popup\">Desempe\u00f1o de los sistemas de salud frente a la pandemia<\/a><\/div><div class=\"wppb-video-popup-content\"><a href=\"https:\/\/www.youtube.com\/watch?v=sVwtn6QlSYI\" class=\"wppb-video-popup wppb-video-popup-icon\"><i class=\"wppb-font-play-button-alt\"><\/i><\/a><\/div><\/div><\/div><\/div><\/div><\/div>                                            <\/div>\n                                        <\/div>\n                                    <\/div>\n\t\t\t\t\t\t\t\t\t                        <\/div>\n\n                    <\/div>\n                <\/div>\n\t\t\t\t                <div  class=\"wppb-row-parent  wppb-row-1718118667324 \"  >\n\t\t\t\t\t\n\t\t\t\t\t\t\t\t\t\t\n\t\t\t\t\t\t\t\t\t\t\n\t\t\t\t\t<div class=\"wppb-container \">\n\t\t\t\t\t\t\t\t\t\t\t\t\t\n                        <div class=\"wppb-row\">\n\t\t\t\t\t\t\t                                    <div  class=\"wppb-column-parent wppb-column-parent-view wppb-col-1718118667325  \"  >\n                                        <div class=\"wppb-column\">\n\t\t\t\t\t\n\t\t\t\t\t\t\t\t\t\t\t\n                                            <div class=\"wppb-builder-addons\">\n\t\t\t\t\t\t\t\t\t\t\t\t<div class='wppb-builder-addon wppb-addon-1718118667326'  data-addon-id='1718118667326'><div class='wppb-addon'><div class=\"wppb-video-popup-addon\"><div class=\"wppb-video-popup-content\"><div class=\"wppb-video-popup-wrap \"><div class=\"wppb-video-popup-before-text\"><a href=\"https:\/\/www.youtube.com\/watch?v=LfJ6y5LnaSM\" class=\"wppb-video-popup\">El complejo m\u00e9dico industrial, una amenaza para los Sistemas Universales de Salud<\/a><\/div><div class=\"wppb-video-popup-content\"><a href=\"https:\/\/www.youtube.com\/watch?v=LfJ6y5LnaSM\" class=\"wppb-video-popup wppb-video-popup-icon\"><i class=\"wppb-font-play-button-alt\"><\/i><\/a><\/div><\/div><\/div><\/div><\/div><\/div>                                            <\/div>\n                                        <\/div>\n                                    <\/div>\n\t\t\t\t\t\t\t\t\t                                    <div  class=\"wppb-column-parent wppb-column-parent-view wppb-col-1718118667327  \"  >\n                                        <div class=\"wppb-column\">\n\t\t\t\t\t\n\t\t\t\t\t\t\t\t\t\t\t\n                                            <div class=\"wppb-builder-addons\">\n\t\t\t\t\t\t\t\t\t\t\t\t<div class='wppb-builder-addon wppb-addon-1718118667328'  data-addon-id='1718118667328'><div class='wppb-addon'><div class=\"wppb-video-popup-addon\"><div class=\"wppb-video-popup-content\"><div class=\"wppb-video-popup-wrap \"><div class=\"wppb-video-popup-before-text\"><a href=\"https:\/\/www.youtube.com\/watch?v=f-44bY1kjXk\" class=\"wppb-video-popup\">Cambios geopol\u00edticos a partir de la pandemia<\/a><\/div><div class=\"wppb-video-popup-content\"><a href=\"https:\/\/www.youtube.com\/watch?v=f-44bY1kjXk\" class=\"wppb-video-popup wppb-video-popup-icon\"><i class=\"wppb-font-play-button-alt\"><\/i><\/a><\/div><\/div><\/div><\/div><\/div><\/div>                                            <\/div>\n                                        <\/div>\n                                    <\/div>\n\t\t\t\t\t\t\t\t\t                        <\/div>\n\n                    <\/div>\n                <\/div>\n\t\t\t\t                <div  class=\"wppb-row-parent  wppb-row-1718118667345 \"  >\n\t\t\t\t\t\n\t\t\t\t\t\t\t\t\t\t\n\t\t\t\t\t\t\t\t\t\t\n\t\t\t\t\t<div class=\"wppb-container \">\n\t\t\t\t\t\t\t\t\t\t\t\t\t\n                        <div class=\"wppb-row\">\n\t\t\t\t\t\t\t                                    <div  class=\"wppb-column-parent wppb-column-parent-view wppb-col-1718118667346  \"  >\n                                        <div class=\"wppb-column\">\n\t\t\t\t\t\n\t\t\t\t\t\t\t\t\t\t\t\n                                            <div class=\"wppb-builder-addons\">\n\t\t\t\t\t\t\t\t\t\t\t\t<div class='wppb-builder-addon wppb-addon-1718118667347'  data-addon-id='1718118667347'><div class='wppb-addon'><div class=\"wppb-video-popup-addon\"><div class=\"wppb-video-popup-content\"><div class=\"wppb-video-popup-wrap \"><div class=\"wppb-video-popup-before-text\"><a href=\"https:\/\/www.youtube.com\/watch?v=lLjlKOxgf-I\" class=\"wppb-video-popup\">Dimensiones Internacionales de la Fuerza Laboral en Salud, Formaci\u00f3n, Investigaci\u00f3n e Innovaci\u00f3n<\/a><\/div><div class=\"wppb-video-popup-content\"><a href=\"https:\/\/www.youtube.com\/watch?v=lLjlKOxgf-I\" class=\"wppb-video-popup wppb-video-popup-icon\"><i class=\"wppb-font-play-button-alt\"><\/i><\/a><\/div><\/div><\/div><\/div><\/div><\/div>                                            <\/div>\n                                        <\/div>\n                                    <\/div>\n\t\t\t\t\t\t\t\t\t                                    <div  class=\"wppb-column-parent wppb-column-parent-view wppb-col-1718118667348  \"  >\n                                        <div class=\"wppb-column\">\n\t\t\t\t\t\n\t\t\t\t\t\t\t\t\t\t\t\n                                            <div class=\"wppb-builder-addons\">\n\t\t\t\t\t\t\t\t\t\t\t\t<div class='wppb-builder-addon wppb-addon-1718118667349'  data-addon-id='1718118667349'><div class='wppb-addon'><div class=\"wppb-video-popup-addon\"><div class=\"wppb-video-popup-content\"><div class=\"wppb-video-popup-wrap \"><div class=\"wppb-video-popup-before-text\"><a href=\"https:\/\/www.youtube.com\/watch?v=onUqXtbQ64I\" class=\"wppb-video-popup\">Ronda feminista de Salud Internacional: un espacio pol\u00edtico de construcci\u00f3n colectiva y feminista<\/a><\/div><div class=\"wppb-video-popup-content\"><a href=\"https:\/\/www.youtube.com\/watch?v=onUqXtbQ64I\" class=\"wppb-video-popup wppb-video-popup-icon\"><i class=\"wppb-font-play-button-alt\"><\/i><\/a><\/div><\/div><\/div><\/div><\/div><\/div>                                            <\/div>\n                                        <\/div>\n                                    <\/div>\n\t\t\t\t\t\t\t\t\t                        <\/div>\n\n                    <\/div>\n                <\/div>\n\t\t\t\t                <div  class=\"wppb-row-parent  wppb-row-1718118667370 \"  >\n\t\t\t\t\t\n\t\t\t\t\t\t\t\t\t\t\n\t\t\t\t\t\t\t\t\t\t\n\t\t\t\t\t<div class=\"wppb-container \">\n\t\t\t\t\t\t\t\t\t\t\t\t\t\n                        <div class=\"wppb-row\">\n\t\t\t\t\t\t\t                                    <div  class=\"wppb-column-parent wppb-column-parent-view wppb-col-1718118667371  \"  >\n                                        <div class=\"wppb-column\">\n\t\t\t\t\t\n\t\t\t\t\t\t\t\t\t\t\t\n                                            <div class=\"wppb-builder-addons\">\n\t\t\t\t\t\t\t\t\t\t\t\t<div class='wppb-builder-addon wppb-addon-1718118667372'  data-addon-id='1718118667372'><div class='wppb-addon'><div class=\"wppb-video-popup-addon\"><div class=\"wppb-video-popup-content\"><div class=\"wppb-video-popup-wrap \"><div class=\"wppb-video-popup-before-text\"><a href=\"https:\/\/www.youtube.com\/watch?v=o4xXQM1HjYM\" class=\"wppb-video-popup\">Orden medi\u00e1tico internacional. Reconfiguraci\u00f3n geopol\u00edtica a partir de la pandemia<\/a><\/div><div class=\"wppb-video-popup-content\"><a href=\"https:\/\/www.youtube.com\/watch?v=o4xXQM1HjYM\" class=\"wppb-video-popup wppb-video-popup-icon\"><i class=\"wppb-font-play-button-alt\"><\/i><\/a><\/div><\/div><\/div><\/div><\/div><\/div>                                            <\/div>\n                                        <\/div>\n                                    <\/div>\n\t\t\t\t\t\t\t\t\t                                    <div  class=\"wppb-column-parent wppb-column-parent-view wppb-col-1718118667373  \"  >\n                                        <div class=\"wppb-column\">\n\t\t\t\t\t\n\t\t\t\t\t\t\t\t\t\t\t\n                                            <div class=\"wppb-builder-addons\">\n\t\t\t\t\t\t\t\t\t\t\t\t<div class='wppb-builder-addon wppb-addon-1718118667374'  data-addon-id='1718118667374'><div class='wppb-addon'><div class=\"wppb-video-popup-addon\"><div class=\"wppb-video-popup-content\"><div class=\"wppb-video-popup-wrap \"><div class=\"wppb-video-popup-before-text\"><a href=\"https:\/\/www.youtube.com\/watch?v=FElE4VOg6u4\" class=\"wppb-video-popup\">Lo internacional y lo dom\u00e9stico. Readecuaci\u00f3n de las \u00e1reas<\/a><\/div><div class=\"wppb-video-popup-content\"><a href=\"https:\/\/www.youtube.com\/watch?v=FElE4VOg6u4\" class=\"wppb-video-popup wppb-video-popup-icon\"><i class=\"wppb-font-play-button-alt\"><\/i><\/a><\/div><\/div><\/div><\/div><\/div><\/div>                                            <\/div>\n                                        <\/div>\n                                    <\/div>\n\t\t\t\t\t\t\t\t\t                        <\/div>\n\n                    <\/div>\n                <\/div>\n\t\t\t\t                <div  class=\"wppb-row-parent  wppb-row-1718118667395 \"  >\n\t\t\t\t\t\n\t\t\t\t\t\t\t\t\t\t\n\t\t\t\t\t\t\t\t\t\t\n\t\t\t\t\t<div class=\"wppb-container \">\n\t\t\t\t\t\t\t\t\t\t\t\t\t\n                        <div class=\"wppb-row\">\n\t\t\t\t\t\t\t                                    <div  class=\"wppb-column-parent wppb-column-parent-view wppb-col-1718118667396  \"  >\n                                        <div class=\"wppb-column\">\n\t\t\t\t\t\n\t\t\t\t\t\t\t\t\t\t\t\n                                            <div class=\"wppb-builder-addons\">\n\t\t\t\t\t\t\t\t\t\t\t\t<div class='wppb-builder-addon wppb-addon-1718118667397'  data-addon-id='1718118667397'><div class='wppb-addon'><div class=\"wppb-video-popup-addon\"><div class=\"wppb-video-popup-content\"><div class=\"wppb-video-popup-wrap \"><div class=\"wppb-video-popup-before-text\"><a href=\"https:\/\/www.youtube.com\/watch?v=AkChWy2oGn8\" class=\"wppb-video-popup\">La Salud Internacional como herramienta estrat\u00e9gica para el Gobierno en Salud<\/a><\/div><div class=\"wppb-video-popup-content\"><a href=\"https:\/\/www.youtube.com\/watch?v=AkChWy2oGn8\" class=\"wppb-video-popup wppb-video-popup-icon\"><i class=\"wppb-font-play-button-alt\"><\/i><\/a><\/div><\/div><\/div><\/div><\/div><\/div>                                            <\/div>\n                                        <\/div>\n                                    <\/div>\n\t\t\t\t\t\t\t\t\t                                    <div  class=\"wppb-column-parent wppb-column-parent-view wppb-col-1718118667398  \"  >\n                                        <div class=\"wppb-column\">\n\t\t\t\t\t\n\t\t\t\t\t\t\t\t\t\t\t\n                                            <div class=\"wppb-builder-addons\">\n\t\t\t\t\t\t\t\t\t\t\t\t<div class='wppb-builder-addon wppb-addon-1718118667399'  data-addon-id='1718118667399'><div class='wppb-addon'><div class=\"wppb-video-popup-addon\"><div class=\"wppb-video-popup-content\"><div class=\"wppb-video-popup-wrap \"><div class=\"wppb-video-popup-before-text\"><a href=\"https:\/\/www.youtube.com\/watch?v=R96ZqezLrc4\" class=\"wppb-video-popup\">Panamericanismo y Latinoamericanismo<\/a><\/div><div class=\"wppb-video-popup-content\"><a href=\"https:\/\/www.youtube.com\/watch?v=R96ZqezLrc4\" class=\"wppb-video-popup wppb-video-popup-icon\"><i class=\"wppb-font-play-button-alt\"><\/i><\/a><\/div><\/div><\/div><\/div><\/div><\/div>                                            <\/div>\n                                        <\/div>\n                                    <\/div>\n\t\t\t\t\t\t\t\t\t                        <\/div>\n\n                    <\/div>\n                <\/div>\n\t\t\t\t                <div  class=\"wppb-row-parent  wppb-row-1718118667422 \"  >\n\t\t\t\t\t\n\t\t\t\t\t\t\t\t\t\t\n\t\t\t\t\t\t\t\t\t\t\n\t\t\t\t\t<div class=\"wppb-container \">\n\t\t\t\t\t\t\t\t\t\t\t\t\t\n                        <div class=\"wppb-row\">\n\t\t\t\t\t\t\t                                    <div  class=\"wppb-column-parent wppb-column-parent-view wppb-col-1718118667423  \"  >\n                                        <div class=\"wppb-column\">\n\t\t\t\t\t\n\t\t\t\t\t\t\t\t\t\t\t\n                                            <div class=\"wppb-builder-addons\">\n\t\t\t\t\t\t\t\t\t\t\t\t<div class='wppb-builder-addon wppb-addon-1718118667424'  data-addon-id='1718118667424'><div class='wppb-addon'><div class=\"wppb-video-popup-addon\"><div class=\"wppb-video-popup-content\"><div class=\"wppb-video-popup-wrap \"><div class=\"wppb-video-popup-before-text\"><a href=\"https:\/\/www.youtube.com\/watch?v=k_Mr7BjRiv4\" class=\"wppb-video-popup\">Investigando en Salud Internacional. Trayectorias de pensamiento<\/a><\/div><div class=\"wppb-video-popup-content\"><a href=\"https:\/\/www.youtube.com\/watch?v=k_Mr7BjRiv4\" class=\"wppb-video-popup wppb-video-popup-icon\"><i class=\"wppb-font-play-button-alt\"><\/i><\/a><\/div><\/div><\/div><\/div><\/div><\/div>                                            <\/div>\n                                        <\/div>\n                                    <\/div>\n\t\t\t\t\t\t\t\t\t                                    <div  class=\"wppb-column-parent wppb-column-parent-view wppb-col-1718118667425  \"  >\n                                        <div class=\"wppb-column\">\n\t\t\t\t\t\n\t\t\t\t\t\t\t\t\t\t\t\n                                            <div class=\"wppb-builder-addons\">\n\t\t\t\t\t\t\t\t\t\t\t\t<div class='wppb-builder-addon wppb-addon-1718118667426'  data-addon-id='1718118667426'><div class='wppb-addon'><div class=\"wppb-video-popup-addon\"><div class=\"wppb-video-popup-content\"><div class=\"wppb-video-popup-wrap \"><div class=\"wppb-video-popup-before-text\"><a href=\"https:\/\/www.youtube.com\/watch?v=rgt0GfQVDtc\" class=\"wppb-video-popup\">Relaciones entre EE.UU. y Argentina en contextos de pandemia<\/a><\/div><div class=\"wppb-video-popup-content\"><a href=\"https:\/\/www.youtube.com\/watch?v=rgt0GfQVDtc\" class=\"wppb-video-popup wppb-video-popup-icon\"><i class=\"wppb-font-play-button-alt\"><\/i><\/a><\/div><\/div><\/div><\/div><\/div><\/div>                                            <\/div>\n                                        <\/div>\n                                    <\/div>\n\t\t\t\t\t\t\t\t\t                        <\/div>\n\n                    <\/div>\n                <\/div>\n\t\t\t\t                <div  class=\"wppb-row-parent  wppb-row-1718118667463 \"  >\n\t\t\t\t\t\n\t\t\t\t\t\t\t\t\t\t\n\t\t\t\t\t\t\t\t\t\t\n\t\t\t\t\t<div class=\"wppb-container \">\n\t\t\t\t\t\t\t\t\t\t\t\t\t\n                        <div class=\"wppb-row\">\n\t\t\t\t\t\t\t                                    <div  class=\"wppb-column-parent wppb-column-parent-view wppb-col-1718118667464  \"  >\n                                        <div class=\"wppb-column\">\n\t\t\t\t\t\n\t\t\t\t\t\t\t\t\t\t\t\n                                            <div class=\"wppb-builder-addons\">\n\t\t\t\t\t\t\t\t\t\t\t\t<div class='wppb-builder-addon wppb-addon-1718118667465'  data-addon-id='1718118667465'><div class='wppb-addon'><div class=\"wppb-video-popup-addon\"><div class=\"wppb-video-popup-content\"><div class=\"wppb-video-popup-wrap \"><div class=\"wppb-video-popup-before-text\"><a href=\"https:\/\/www.youtube.com\/watch?v=EnCv5Ila7ek\" class=\"wppb-video-popup\">Salud mental en el contexto internacional<\/a><\/div><div class=\"wppb-video-popup-content\"><a href=\"https:\/\/www.youtube.com\/watch?v=EnCv5Ila7ek\" class=\"wppb-video-popup wppb-video-popup-icon\"><i class=\"wppb-font-play-button-alt\"><\/i><\/a><\/div><\/div><\/div><\/div><\/div><\/div>                                            <\/div>\n                                        <\/div>\n                                    <\/div>\n\t\t\t\t\t\t\t\t\t                                    <div  class=\"wppb-column-parent wppb-column-parent-view wppb-col-1718118667466  \"  >\n                                        <div class=\"wppb-column\">\n\t\t\t\t\t\n\t\t\t\t\t\t\t\t\t\t\t\n                                            <div class=\"wppb-builder-addons\">\n\t\t\t\t\t\t\t\t\t\t\t\t<div class='wppb-builder-addon wppb-addon-1718118667467'  data-addon-id='1718118667467'><div class='wppb-addon'><div class=\"wppb-video-popup-addon\"><div class=\"wppb-video-popup-content\"><div class=\"wppb-video-popup-wrap \"><div class=\"wppb-video-popup-before-text\"><a href=\"https:\/\/www.youtube.com\/watch?v=hmoVf_zlPEc\" class=\"wppb-video-popup\">Calentamiento global: la mirada de los J\u00f3venes por el Clima<\/a><\/div><div class=\"wppb-video-popup-content\"><a href=\"https:\/\/www.youtube.com\/watch?v=hmoVf_zlPEc\" class=\"wppb-video-popup wppb-video-popup-icon\"><i class=\"wppb-font-play-button-alt\"><\/i><\/a><\/div><\/div><\/div><\/div><\/div><\/div>                                            <\/div>\n                                        <\/div>\n                                    <\/div>\n\t\t\t\t\t\t\t\t\t                        <\/div>\n\n                    <\/div>\n                <\/div>\n\t\t\t\t                <div  class=\"wppb-row-parent  wppb-row-1718118667492 \"  >\n\t\t\t\t\t\n\t\t\t\t\t\t\t\t\t\t\n\t\t\t\t\t\t\t\t\t\t\n\t\t\t\t\t<div class=\"wppb-container \">\n\t\t\t\t\t\t\t\t\t\t\t\t\t\n                        <div class=\"wppb-row\">\n\t\t\t\t\t\t\t                                    <div  class=\"wppb-column-parent wppb-column-parent-view wppb-col-1718118667493  \"  >\n                                        <div class=\"wppb-column\">\n\t\t\t\t\t\n\t\t\t\t\t\t\t\t\t\t\t\n                                            <div class=\"wppb-builder-addons\">\n\t\t\t\t\t\t\t\t\t\t\t\t<div class='wppb-builder-addon wppb-addon-1718118667494'  data-addon-id='1718118667494'><div class='wppb-addon'><div class=\"wppb-video-popup-addon\"><div class=\"wppb-video-popup-content\"><div class=\"wppb-video-popup-wrap \"><div class=\"wppb-video-popup-before-text\"><a href=\"https:\/\/www.youtube.com\/watch?v=kd22qT2WpcE\" class=\"wppb-video-popup\">Interculturalidad pol\u00edtica, pueblos originarios y migrantes - Parte 1<\/a><\/div><div class=\"wppb-video-popup-content\"><a href=\"https:\/\/www.youtube.com\/watch?v=kd22qT2WpcE\" class=\"wppb-video-popup wppb-video-popup-icon\"><i class=\"wppb-font-play-button-alt\"><\/i><\/a><\/div><\/div><\/div><\/div><\/div><\/div>                                            <\/div>\n                                        <\/div>\n                                    <\/div>\n\t\t\t\t\t\t\t\t\t                                    <div  class=\"wppb-column-parent wppb-column-parent-view wppb-col-1718118667495  \"  >\n                                        <div class=\"wppb-column\">\n\t\t\t\t\t\n\t\t\t\t\t\t\t\t\t\t\t\n                                            <div class=\"wppb-builder-addons\">\n\t\t\t\t\t\t\t\t\t\t\t\t<div class='wppb-builder-addon wppb-addon-1718118667496'  data-addon-id='1718118667496'><div class='wppb-addon'><div class=\"wppb-video-popup-addon\"><div class=\"wppb-video-popup-content\"><div class=\"wppb-video-popup-wrap \"><div class=\"wppb-video-popup-before-text\"><a href=\"https:\/\/www.youtube.com\/watch?v=kd22qT2WpcE\" class=\"wppb-video-popup\">Interculturalidad pol\u00edtica, pueblos originarios y migrantes - Parte 2<\/a><\/div><div class=\"wppb-video-popup-content\"><a href=\"https:\/\/www.youtube.com\/watch?v=kd22qT2WpcE\" class=\"wppb-video-popup wppb-video-popup-icon\"><i class=\"wppb-font-play-button-alt\"><\/i><\/a><\/div><\/div><\/div><\/div><\/div><\/div>                                            <\/div>\n                                        <\/div>\n                                    <\/div>\n\t\t\t\t\t\t\t\t\t                        <\/div>\n\n                    <\/div>\n                <\/div>\n\t\t\t\t<\/div>","protected":false},"excerpt":{"rendered":"<p>En 2021 llevamos adelante la Semana de la Salud Internacional, un espacio de an\u00e1lisis, intervenci\u00f3n e investigaci\u00f3n para proveer de sentido a las pr\u00e1cticas de gobierno y analizar el lugar de la Provincia de Buenos [&hellip;]<\/p>\n","protected":false},"author":2,"featured_media":0,"parent":0,"menu_order":0,"comment_status":"closed","ping_status":"closed","template":"","meta":{"footnotes":""},"class_list":["post-2523","page","type-page","status-publish","hentry"],"_links":{"self":[{"href":"https:\/\/campusff.ms.gba.gov.ar\/comunidaddea-ff\/wp-json\/wp\/v2\/pages\/2523","targetHints":{"allow":["GET"]}}],"collection":[{"href":"https:\/\/campusff.ms.gba.gov.ar\/comunidaddea-ff\/wp-json\/wp\/v2\/pages"}],"about":[{"href":"https:\/\/campusff.ms.gba.gov.ar\/comunidaddea-ff\/wp-json\/wp\/v2\/types\/page"}],"author":[{"embeddable":true,"href":"https:\/\/campusff.ms.gba.gov.ar\/comunidaddea-ff\/wp-json\/wp\/v2\/users\/2"}],"replies":[{"embeddable":true,"href":"https:\/\/campusff.ms.gba.gov.ar\/comunidaddea-ff\/wp-json\/wp\/v2\/comments?post=2523"}],"version-history":[{"count":2,"href":"https:\/\/campusff.ms.gba.gov.ar\/comunidaddea-ff\/wp-json\/wp\/v2\/pages\/2523\/revisions"}],"predecessor-version":[{"id":2526,"href":"https:\/\/campusff.ms.gba.gov.ar\/comunidaddea-ff\/wp-json\/wp\/v2\/pages\/2523\/revisions\/2526"}],"wp:attachment":[{"href":"https:\/\/campusff.ms.gba.gov.ar\/comunidaddea-ff\/wp-json\/wp\/v2\/media?parent=2523"}],"curies":[{"name":"wp","href":"https:\/\/api.w.org\/{rel}","templated":true}]}}