{"id":2493,"date":"2024-06-06T15:58:20","date_gmt":"2024-06-06T18:58:20","guid":{"rendered":"https:\/\/campusff.ms.gba.gov.ar\/comunidaddea-ff\/?page_id=2493"},"modified":"2024-08-12T07:25:39","modified_gmt":"2024-08-12T10:25:39","slug":"salud-internacional-en-la-escuela-de-gobierno-en-salud","status":"publish","type":"page","link":"https:\/\/campusff.ms.gba.gov.ar\/comunidaddea-ff\/salud-internacional-en-la-escuela-de-gobierno-en-salud\/","title":{"rendered":"Salud Internacional en la Escuela de Gobierno en Salud"},"content":{"rendered":"\n<div class=\"wp-block-kadence-rowlayout alignnone\"><div id=\"kt-layout-id_cf8211-f2\" class=\"kt-row-layout-inner kt-layout-id_cf8211-f2\"><div class=\"kt-row-column-wrap kt-has-1-columns kt-gutter-default kt-v-gutter-default kt-row-valign-top kt-row-layout-equal kt-tab-layout-inherit kt-m-colapse-left-to-right kt-mobile-layout-row\">\n<div class=\"wp-block-kadence-column inner-column-1 kadence-column_46b3d8-ca\"><div class=\"kt-inside-inner-col\">\n<p>La Salud Internacional representa un subcampo crucial dentro del \u00e1mbito de las relaciones internacionales que, a trav\u00e9s del intercambio de conocimiento, informaci\u00f3n, financiamiento, insumos, tecnolog\u00eda y a trav\u00e9s de la gesti\u00f3n e influencia pol\u00edtica, se orienta al abordaje de las condiciones de salud y de vida de las poblaciones dentro de los l\u00edmites que los intereses de los pa\u00edses involucrados imponen. El di\u00e1logo cada vez intenso y frecuente entre los campos de la salud y las relaciones internacionales convierte, por lo tanto, a la salud en un tema relevante de la pol\u00edtica exterior.<\/p>\n\n\n\n<p>La Escuela de Gobierno en Salud \u201cFloreal Ferrara\u201d contribuye con el desarrollo y fortalecimiento de conocimientos y competencias vinculadas a los problemas de salud que trascienden las fronteras nacionales, sus determinantes internacionales y los espacios de gesti\u00f3n y de definici\u00f3n de pol\u00edticas internacionales y regionales desde una perspectiva geopol\u00edtica cr\u00edtica, reivindicando a la salud como derecho humano fundamental en sus diversos \u00e1mbitos de actuaci\u00f3n, y teniendo siempre como horizonte la construcci\u00f3n de la soberan\u00eda sanitaria latinoamericana.<\/p>\n<\/div><\/div>\n<\/div><\/div><\/div>\n\n\n\n<div class=\"wp-block-kadence-rowlayout alignnone\"><div id=\"kt-layout-id_1eba12-e5\" class=\"kt-row-layout-inner kt-layout-id_1eba12-e5\"><div class=\"kt-row-column-wrap kt-has-3-columns kt-gutter-default kt-v-gutter-default kt-row-valign-top kt-row-layout-equal kt-tab-layout-inherit kt-m-colapse-left-to-right kt-mobile-layout-row\">\n<div class=\"wp-block-kadence-column inner-column-1 kadence-column_20e9c7-78\"><div class=\"kt-inside-inner-col\">\n<div class=\"wp-block-columns is-layout-flex wp-container-core-columns-is-layout-1 wp-block-columns-is-layout-flex\">\n<div class=\"wp-block-column is-vertically-aligned-top is-layout-flow wp-block-column-is-layout-flow\">\n<p class=\"has-vivid-cyan-blue-color has-text-color has-link-color wp-elements-ddfe3d5246aa18f4acdab61b969893e5\"><strong>Actores de la Salud Internacional<\/strong><\/p>\n\n\n\n<p>\u00bfSab\u00e9s qui\u00e9nes son los principales protagonistas de la Salud Internacional? Organismos, asociaciones, comunidades y movimientos sociales y pol\u00edticos que disputan y discuten los modos de hacer Salud Internacional. Entr\u00e1 <a href=\"https:\/\/padlet.com\/dipsaludinternacionalff\/hacia-la-construcci-n-de-un-foro-latinoamericano-por-el-dere-zqx3jjkqorslo85a\" target=\"_blank\" rel=\"noreferrer noopener\">ac\u00e1<\/a> y miralos.<\/p>\n\n\n\n<figure class=\"wp-block-image size-large\"><a href=\"https:\/\/acortar.link\/sxS14x\" target=\"_blank\" rel=\"noreferrer noopener\"><img loading=\"lazy\" decoding=\"async\" width=\"1024\" height=\"752\" src=\"https:\/\/campusff.ms.gba.gov.ar\/comunidaddea-ff\/wp-content\/uploads\/sites\/3\/2024\/06\/SIOrganismos-1024x752.jpg\" alt=\"\" class=\"wp-image-2498\" srcset=\"https:\/\/campusff.ms.gba.gov.ar\/comunidaddea-ff\/wp-content\/uploads\/sites\/3\/2024\/06\/SIOrganismos-1024x752.jpg 1024w, https:\/\/campusff.ms.gba.gov.ar\/comunidaddea-ff\/wp-content\/uploads\/sites\/3\/2024\/06\/SIOrganismos-300x220.jpg 300w, https:\/\/campusff.ms.gba.gov.ar\/comunidaddea-ff\/wp-content\/uploads\/sites\/3\/2024\/06\/SIOrganismos-768x564.jpg 768w, https:\/\/campusff.ms.gba.gov.ar\/comunidaddea-ff\/wp-content\/uploads\/sites\/3\/2024\/06\/SIOrganismos.jpg 1141w\" sizes=\"auto, (max-width: 1024px) 100vw, 1024px\" \/><\/a><\/figure>\n<\/div>\n<\/div>\n<\/div><\/div>\n\n\n\n<div class=\"wp-block-kadence-column inner-column-2 kadence-column_7cbb8a-d3\"><div class=\"kt-inside-inner-col\">\n<p class=\"has-vivid-cyan-blue-color has-text-color has-link-color wp-elements-5381785c3444c694a7a74614aa901308\"><strong>Reporte de la salud, con perspectiva internacional<\/strong><\/p>\n\n\n\n<p>Boletines semanales con las \u00faltimas novedades sobre Salud Internacional, a cargo de Mario Rovere, Director Provincial de la Escuela de Gobierno en Salud \u201cFloreal Ferrara\u201d.<\/p>\n\n\n\n<p><a href=\"https:\/\/campusff.ms.gba.gov.ar\/comunidaddea-ff\/reporte-de-la-salud-con-perspectiva-internacional\/\" data-type=\"link\" data-id=\"https:\/\/campusff.ms.gba.gov.ar\/comunidaddea-ff\/2024\/06\/06\/reporte-de-salud-internacional-2\/\">Acceder a los reportes<\/a><\/p>\n<\/div><\/div>\n\n\n\n<div class=\"wp-block-kadence-column inner-column-3 kadence-column_c2e6d2-cd\"><div class=\"kt-inside-inner-col\">\n<p class=\"has-vivid-cyan-blue-color has-text-color has-link-color wp-elements-8246b5939117ae0704fc99e0dfd62119\"><strong>Diplomatura en Salud Internacional<\/strong><\/p>\n\n\n\n<p><em>&#8220;Una herramienta para la construcci\u00f3n de soberan\u00eda sanitaria&#8221;&nbsp;<\/em><\/p>\n\n\n\n<p>A trav\u00e9s de esta diplomatura nos proponemos contribuir con el desarrollo y fortalecimiento de conocimientos y competencias vinculadas al campo de la Salud Internacional, en tanto campo interdisciplinario que se ocupa de los problemas de salud m\u00e1s all\u00e1 de las fronteras nacionales. <a href=\"https:\/\/www.ms.gba.gov.ar\/sitios\/capacitacion\/diplomaturas-y-cursos-superiores\/#SaludInternacional\" target=\"_blank\" rel=\"noreferrer noopener\">M\u00e1s informaci\u00f3n<\/a><\/p>\n<\/div><\/div>\n<\/div><\/div><\/div>\n\n\n\n<div class=\"wp-block-kadence-rowlayout alignnone\"><div id=\"kt-layout-id_1b3e6d-82\" class=\"kt-row-layout-inner kt-layout-id_1b3e6d-82\"><div class=\"kt-row-column-wrap kt-has-1-columns kt-gutter-default kt-v-gutter-default kt-row-valign-top kt-row-layout-equal kt-tab-layout-inherit kt-m-colapse-left-to-right kt-mobile-layout-row\">\n<div class=\"wp-block-kadence-column inner-column-1 kadence-column_2a55f1-04\"><div class=\"kt-inside-inner-col\">\n<hr class=\"wp-block-separator has-alpha-channel-opacity\"\/>\n\n\n\n<iframe src=\"https:\/\/www.ivoox.com\/player_es_podcast_2468469_zp_1.html?c1=649cac\" width=\"100%\" height=\"300\" frameborder=\"0\" allowfullscreen=\"\" scrolling=\"no\" loading=\"lazy\"><\/iframe>\n\n\n\n<hr class=\"wp-block-separator has-alpha-channel-opacity\"\/>\n\n\n\n<div class=\"wp-block-kadence-rowlayout alignnone\"><div id=\"kt-layout-id_4ffbc3-e9\" class=\"kt-row-layout-inner kt-layout-id_4ffbc3-e9\"><div class=\"kt-row-column-wrap kt-has-1-columns kt-gutter-default kt-v-gutter-default kt-row-valign-top kt-row-layout-equal kt-tab-layout-inherit kt-m-colapse-left-to-right kt-mobile-layout-row\">\n<div class=\"wp-block-kadence-column inner-column-1 kadence-column_da40a6-14\"><div class=\"kt-inside-inner-col\">\n<div class=\"wp-block-columns is-layout-flex wp-container-core-columns-is-layout-2 wp-block-columns-is-layout-flex\">\n<div class=\"wp-block-column is-layout-flow wp-block-column-is-layout-flow\">\n<p class=\"has-vivid-cyan-blue-color has-text-color has-link-color wp-elements-8d7c21249671d2c9766073e6af40a927\"><strong>Semana de la Salud Internacional<\/strong><\/p>\n\n\n\n<p>En 2021 llevamos adelante la Semana de la Salud Internacional, un espacio de an\u00e1lisis, intervenci\u00f3n e investigaci\u00f3n para proveer de sentido a las pr\u00e1cticas de gobierno y analizar el lugar de la Provincia de Buenos Aires en el mundo y desde d\u00f3nde la provincia invita al mundo a pensar en clave de Salud Internacional. Participaron invitados\/as referentes de la tem\u00e1tica y pod\u00e9s escuchar y revivir todas las charlas en nuestro canal de YouTube. Fijate qu\u00e9 tema te interesa m\u00e1s y disfrut\u00e1 de expertos y expertas en el tema. <a href=\"https:\/\/campusff.ms.gba.gov.ar\/comunidaddea-ff\/semana-de-la-salud-internacional\/\">Acceder a los materiales<\/a>.<\/p>\n<\/div>\n\n\n\n<div class=\"wp-block-column is-layout-flow wp-block-column-is-layout-flow\">\n<p class=\"has-vivid-cyan-blue-color has-text-color has-link-color wp-elements-cb5ff37804a57283d180b3f10981cd99\"><strong>Repositorio<\/strong><\/p>\n\n\n\n<p>Ponemos a disposici\u00f3n un conjunto de materiales externos y propios producidos en torno a la salud internacional. Art\u00edculos, videos y textos que nos proponen seguir reflexionando sobre el tema.<\/p>\n\n\n\n<p>Acceder a los materiales (en construcci\u00f3n)<\/p>\n<\/div>\n<\/div>\n<\/div><\/div>\n<\/div><\/div><\/div>\n\n\n\n<hr class=\"wp-block-separator has-alpha-channel-opacity\"\/>\n<\/div><\/div>\n<\/div><\/div><\/div>\n\n\n\n<div class=\"wp-block-kadence-rowlayout alignnone\"><div id=\"kt-layout-id_a2db9a-84\" class=\"kt-row-layout-inner kt-layout-id_a2db9a-84\"><div class=\"kt-row-column-wrap kt-has-1-columns kt-gutter-default kt-v-gutter-default kt-row-valign-top kt-row-layout-equal kt-tab-layout-inherit kt-m-colapse-left-to-right kt-mobile-layout-row\">\n<div class=\"wp-block-kadence-column inner-column-1 kadence-column_8835eb-f3\"><div class=\"kt-inside-inner-col\">\n<div class=\"wp-block-kadence-column inner-column-1 kadence-column_11c91b-aa\"><div class=\"kt-inside-inner-col\">\n<h2 class=\"wp-block-heading has-vivid-cyan-blue-color has-text-color has-link-color wp-elements-8232b45331542fb892890da165afa96a\">Otros recursos<\/h2>\n\n\n\n<div class=\"wp-block-kadence-rowlayout alignnone\"><div id=\"kt-layout-id_1b2c86-55\" class=\"kt-row-layout-inner kt-layout-id_1b2c86-55\"><div class=\"kt-row-column-wrap kt-has-2-columns kt-gutter-default kt-v-gutter-default kt-row-valign-top kt-row-layout-equal kt-tab-layout-inherit kt-m-colapse-left-to-right kt-mobile-layout-row\">\n<div class=\"wp-block-kadence-column inner-column-1 kadence-column_817fdc-1f\"><div class=\"kt-inside-inner-col\">\n<p class=\"has-text-align-center has-vivid-cyan-blue-color has-text-color has-link-color wp-elements-6378b272739f4f4f7efd33b45b51d3e8\"><strong>Fundaci\u00f3n Soberan\u00eda Sanitaria<\/strong><\/p>\n\n\n\n<figure class=\"wp-block-image size-large\"><a href=\"https:\/\/soberaniasanitaria.org.ar\/\" target=\"_blank\" rel=\"noreferrer noopener\"><img loading=\"lazy\" decoding=\"async\" width=\"1024\" height=\"704\" src=\"https:\/\/campusff.ms.gba.gov.ar\/comunidaddea-ff\/wp-content\/uploads\/sites\/3\/2024\/06\/WebSS-1024x704.jpg\" alt=\"\" class=\"wp-image-2506\" srcset=\"https:\/\/campusff.ms.gba.gov.ar\/comunidaddea-ff\/wp-content\/uploads\/sites\/3\/2024\/06\/WebSS-1024x704.jpg 1024w, https:\/\/campusff.ms.gba.gov.ar\/comunidaddea-ff\/wp-content\/uploads\/sites\/3\/2024\/06\/WebSS-300x206.jpg 300w, https:\/\/campusff.ms.gba.gov.ar\/comunidaddea-ff\/wp-content\/uploads\/sites\/3\/2024\/06\/WebSS-768x528.jpg 768w, https:\/\/campusff.ms.gba.gov.ar\/comunidaddea-ff\/wp-content\/uploads\/sites\/3\/2024\/06\/WebSS.jpg 1151w\" sizes=\"auto, (max-width: 1024px) 100vw, 1024px\" \/><\/a><\/figure>\n<\/div><\/div>\n\n\n\n<div class=\"wp-block-kadence-column inner-column-2 kadence-column_f729fb-dd\"><div class=\"kt-inside-inner-col\">\n<p class=\"has-text-align-center has-vivid-cyan-blue-color has-text-color has-link-color wp-elements-390ef3cdd29843192c1561470a0f383a\"><strong>Ministerio de Salud PBA<\/strong><\/p>\n\n\n\n<figure class=\"wp-block-image size-large\"><a href=\"https:\/\/www.gba.gob.ar\/saludprovincia\" target=\"_blank\" rel=\"noreferrer noopener\"><img loading=\"lazy\" decoding=\"async\" width=\"1024\" height=\"800\" src=\"https:\/\/campusff.ms.gba.gov.ar\/comunidaddea-ff\/wp-content\/uploads\/sites\/3\/2024\/06\/WebSaludPBA-1024x800.jpg\" alt=\"\" class=\"wp-image-2507\" srcset=\"https:\/\/campusff.ms.gba.gov.ar\/comunidaddea-ff\/wp-content\/uploads\/sites\/3\/2024\/06\/WebSaludPBA-1024x800.jpg 1024w, https:\/\/campusff.ms.gba.gov.ar\/comunidaddea-ff\/wp-content\/uploads\/sites\/3\/2024\/06\/WebSaludPBA-300x234.jpg 300w, https:\/\/campusff.ms.gba.gov.ar\/comunidaddea-ff\/wp-content\/uploads\/sites\/3\/2024\/06\/WebSaludPBA-768x600.jpg 768w, https:\/\/campusff.ms.gba.gov.ar\/comunidaddea-ff\/wp-content\/uploads\/sites\/3\/2024\/06\/WebSaludPBA.jpg 1165w\" sizes=\"auto, (max-width: 1024px) 100vw, 1024px\" \/><\/a><\/figure>\n<\/div><\/div>\n<\/div><\/div><\/div>\n<\/div><\/div>\n<\/div><\/div>\n<\/div><\/div><\/div>\n\n\n\n<div class=\"wp-block-kadence-rowlayout alignnone\"><div id=\"kt-layout-id_7b4790-a4\" class=\"kt-row-layout-inner kt-layout-id_7b4790-a4\"><div class=\"kt-row-column-wrap kt-has-1-columns kt-gutter-default kt-v-gutter-default kt-row-valign-top kt-row-layout-equal kt-tab-layout-inherit kt-m-colapse-left-to-right kt-mobile-layout-row\">\n<div class=\"wp-block-kadence-column inner-column-1 kadence-column_870175-84\"><div class=\"kt-inside-inner-col\">\n<div class=\"wp-block-kadence-column inner-column-1 kadence-column_9ee421-8b\"><div class=\"kt-inside-inner-col\"><style id=\"kb-rowlayout_aefa70-4f\">#kt-layout-id_aefa70-4f > .kt-row-column-wrap{max-width:1146px;margin-left:auto;margin-right:auto;}<\/style>\n<div class=\"wp-block-kadence-rowlayout alignnone\"><div id=\"kt-layout-id_aefa70-4f\" class=\"kt-row-layout-inner kt-layout-id_aefa70-4f\"><div class=\"kt-row-column-wrap kt-has-2-columns kt-gutter-default kt-v-gutter-default kt-row-valign-top kt-row-layout-equal kt-tab-layout-inherit kt-m-colapse-left-to-right kt-mobile-layout-row\">\n<div class=\"wp-block-kadence-column inner-column-1 kadence-column_ed7465-54\"><div class=\"kt-inside-inner-col\">\n<p class=\"has-text-align-center has-vivid-cyan-blue-color has-text-color has-link-color wp-elements-98cb0f4f18931c33f82936455eec68b2\"><strong>Revista Salud Publica<\/strong><\/p>\n\n\n\n<figure class=\"wp-block-kadence-image kb-image_21be96-1d\"><a href=\"https:\/\/saludpublica.ms.gba.gov.ar\/index.php\/revista\" class=\"kb-advanced-image-link\" target=\"_blank\" rel=\"noopener noreferrer\"><img decoding=\"async\" src=\"https:\/\/campusff.ms.gba.gov.ar\/comunidaddea-ff\/wp-content\/uploads\/sites\/3\/2024\/06\/WebSP.jpg\" alt=\"\" class=\"kb-img wp-image-2506\"\/><\/a><\/figure>\n<\/div><\/div>\n\n\n\n<div class=\"wp-block-kadence-column inner-column-2 kadence-column_70d2fc-2e\"><div class=\"kt-inside-inner-col\">\n<p class=\"has-vivid-cyan-blue-color has-text-color has-link-color wp-elements-8555ee60c3598b5daeb7e4f62eeb0a2c\"><strong>Escuela de Gobierno en Salud Floreal Ferrara<\/strong><\/p>\n\n\n\n<figure class=\"wp-block-gallery has-nested-images columns-default is-cropped wp-block-gallery-1 is-layout-flex wp-block-gallery-is-layout-flex\">\n<figure class=\"wp-block-image size-large\"><a href=\"https:\/\/www.ms.gba.gov.ar\/sitios\/capacitacion\/\" target=\"_blank\" rel=\"noreferrer noopener\"><img loading=\"lazy\" decoding=\"async\" width=\"1024\" height=\"760\" src=\"https:\/\/campusff.ms.gba.gov.ar\/comunidaddea-ff\/wp-content\/uploads\/sites\/3\/2024\/06\/WebEGSFF-1024x760.jpg\" alt=\"\" class=\"wp-image-2512\" srcset=\"https:\/\/campusff.ms.gba.gov.ar\/comunidaddea-ff\/wp-content\/uploads\/sites\/3\/2024\/06\/WebEGSFF-1024x760.jpg 1024w, https:\/\/campusff.ms.gba.gov.ar\/comunidaddea-ff\/wp-content\/uploads\/sites\/3\/2024\/06\/WebEGSFF-300x223.jpg 300w, https:\/\/campusff.ms.gba.gov.ar\/comunidaddea-ff\/wp-content\/uploads\/sites\/3\/2024\/06\/WebEGSFF-768x570.jpg 768w, https:\/\/campusff.ms.gba.gov.ar\/comunidaddea-ff\/wp-content\/uploads\/sites\/3\/2024\/06\/WebEGSFF.jpg 1228w\" sizes=\"auto, (max-width: 1024px) 100vw, 1024px\" \/><\/a><\/figure>\n<\/figure>\n<\/div><\/div>\n<\/div><\/div><\/div>\n<\/div><\/div>\n<\/div><\/div>\n<\/div><\/div><\/div>\n","protected":false},"excerpt":{"rendered":"<p>La Salud Internacional representa un subcampo crucial dentro del \u00e1mbito de las relaciones internacionales que, a trav\u00e9s del intercambio de conocimiento, informaci\u00f3n, financiamiento, insumos, tecnolog\u00eda y a trav\u00e9s de la gesti\u00f3n e influencia pol\u00edtica, se [&hellip;]<\/p>\n","protected":false},"author":2,"featured_media":0,"parent":0,"menu_order":0,"comment_status":"closed","ping_status":"closed","template":"page-templates\/fullwidth.php","meta":{"footnotes":""},"class_list":["post-2493","page","type-page","status-publish","hentry"],"_links":{"self":[{"href":"https:\/\/campusff.ms.gba.gov.ar\/comunidaddea-ff\/wp-json\/wp\/v2\/pages\/2493","targetHints":{"allow":["GET"]}}],"collection":[{"href":"https:\/\/campusff.ms.gba.gov.ar\/comunidaddea-ff\/wp-json\/wp\/v2\/pages"}],"about":[{"href":"https:\/\/campusff.ms.gba.gov.ar\/comunidaddea-ff\/wp-json\/wp\/v2\/types\/page"}],"author":[{"embeddable":true,"href":"https:\/\/campusff.ms.gba.gov.ar\/comunidaddea-ff\/wp-json\/wp\/v2\/users\/2"}],"replies":[{"embeddable":true,"href":"https:\/\/campusff.ms.gba.gov.ar\/comunidaddea-ff\/wp-json\/wp\/v2\/comments?post=2493"}],"version-history":[{"count":31,"href":"https:\/\/campusff.ms.gba.gov.ar\/comunidaddea-ff\/wp-json\/wp\/v2\/pages\/2493\/revisions"}],"predecessor-version":[{"id":2721,"href":"https:\/\/campusff.ms.gba.gov.ar\/comunidaddea-ff\/wp-json\/wp\/v2\/pages\/2493\/revisions\/2721"}],"wp:attachment":[{"href":"https:\/\/campusff.ms.gba.gov.ar\/comunidaddea-ff\/wp-json\/wp\/v2\/media?parent=2493"}],"curies":[{"name":"wp","href":"https:\/\/api.w.org\/{rel}","templated":true}]}}